{"id":586,"date":"2010-05-05T08:00:50","date_gmt":"2010-05-05T06:00:50","guid":{"rendered":"http:\/\/www.idenmoerkeskov.dk\/?page_id=586"},"modified":"2020-01-02T19:06:33","modified_gmt":"2020-01-02T18:06:33","slug":"g%c3%a6steindl%c3%a6g","status":"publish","type":"page","link":"https:\/\/www.idenmoerkeskov.dk\/?page_id=586","title":{"rendered":"G\u00e6steindl\u00e6g"},"content":{"rendered":"<p><em>Addendum 02\/01\/2020: Pt. er jeg ikke interesseret i g\u00e6steindl\u00e6g da bloggen ikke er s\u00e5 aktiv. Nedenst\u00e5ende tekst reflekterer s\u00e5ledes de rammer de eksisterende g\u00e6steindl\u00e6g er skrevet under.<\/em><\/p>\n<p>Jeg har siden jeg startede den her blog leget med tanken om at jeg ikke skulle v\u00e6re den eneste der skrev p\u00e5 den. Det er der s\u00e5 gjort noget ved nu.<\/p>\n<p>Til Krigslive VI var jeg s\u00e5 heldig at falde i snak med Lars Kj\u00e6r hvor vi blev enige om, at han skulle skrive nogle g\u00e6steindl\u00e6g til bloggen. Modsat mine egne indl\u00e6g falder de som udgangspunkt ikke efter et fast skema, s\u00e5 de kommer som en bonus indimellem.<\/p>\n<p>Tilsvarende er jeg ikke afvisende overfor at hvis der var andre der havde lyst til at skrive et g\u00e6steindl\u00e6g eller to s\u00e5 ville jeg tage imod det. <a title=\"Kontaktsiden\" href=\"http:\/\/www.idenmoerkeskov.dk\/?page_id=82\" target=\"_self\" rel=\"noopener noreferrer\">Kontakt mig<\/a> og h\u00f8r n\u00e6rmere hvis du kunne have lyst til det.<\/p>\n<p>Alle g\u00e6stindl\u00e6g er markeret med [G\u00e6steindl\u00e6g] foran selve indl\u00e6ggets titel s\u00e5 det p\u00e5 diverse feeds er tydeligt, at det ikke er et indl\u00e6g jeg selv har skrevet.<\/p>\n<p>Jeg vil gerne g\u00f8re opm\u00e6rksom p\u00e5, at jeg ikke p\u00e5virker indholdet eller tonen i indl\u00e6ggene. Det betyder b\u00e5de at tonen alts\u00e5 kan v\u00e6re en anden end den jeg normalt skriver i, men ogs\u00e5 at jeg sagtens kan v\u00e6re uenig i det der er skrevet. Det st\u00e5r for forfatterens egen regning.<\/p>\n","protected":false},"excerpt":{"rendered":"<p>Addendum 02\/01\/2020: Pt. er jeg ikke interesseret i g\u00e6steindl\u00e6g da bloggen ikke er s\u00e5 aktiv. Nedenst\u00e5ende tekst reflekterer s\u00e5ledes de rammer de eksisterende g\u00e6steindl\u00e6g er skrevet under. Jeg har siden jeg startede den her blog leget med tanken om at jeg ikke skulle v\u00e6re den eneste der skrev p\u00e5 den. Det er der s\u00e5 gjort [&hellip;]<\/p>\n","protected":false},"author":675,"featured_media":0,"parent":0,"menu_order":3,"comment_status":"closed","ping_status":"closed","template":"","meta":{"jetpack_post_was_ever_published":false,"footnotes":""},"class_list":["post-586","page","type-page","status-publish","hentry"],"jetpack_sharing_enabled":true,"jetpack_shortlink":"https:\/\/wp.me\/P9A51m-9s","jetpack_likes_enabled":true,"_links":{"self":[{"href":"https:\/\/www.idenmoerkeskov.dk\/index.php?rest_route=\/wp\/v2\/pages\/586","targetHints":{"allow":["GET"]}}],"collection":[{"href":"https:\/\/www.idenmoerkeskov.dk\/index.php?rest_route=\/wp\/v2\/pages"}],"about":[{"href":"https:\/\/www.idenmoerkeskov.dk\/index.php?rest_route=\/wp\/v2\/types\/page"}],"author":[{"embeddable":true,"href":"https:\/\/www.idenmoerkeskov.dk\/index.php?rest_route=\/wp\/v2\/users\/675"}],"replies":[{"embeddable":true,"href":"https:\/\/www.idenmoerkeskov.dk\/index.php?rest_route=%2Fwp%2Fv2%2Fcomments&post=586"}],"version-history":[{"count":4,"href":"https:\/\/www.idenmoerkeskov.dk\/index.php?rest_route=\/wp\/v2\/pages\/586\/revisions"}],"predecessor-version":[{"id":2259,"href":"https:\/\/www.idenmoerkeskov.dk\/index.php?rest_route=\/wp\/v2\/pages\/586\/revisions\/2259"}],"wp:attachment":[{"href":"https:\/\/www.idenmoerkeskov.dk\/index.php?rest_route=%2Fwp%2Fv2%2Fmedia&parent=586"}],"curies":[{"name":"wp","href":"https:\/\/api.w.org\/{rel}","templated":true}]}}